{"id":1188,"date":"2023-06-20T19:31:45","date_gmt":"2023-06-20T19:31:45","guid":{"rendered":"https:\/\/andradeadvogados.pt\/equipe\/"},"modified":"2025-04-09T21:53:45","modified_gmt":"2025-04-09T21:53:45","slug":"equipe","status":"publish","type":"page","link":"https:\/\/andradeadvogados.pt\/fr\/equipe\/","title":{"rendered":"\u00c9quipe"},"content":{"rendered":"<p>[et_pb_section fb_built=&#8221;1&#8243; admin_label=&#8221;Header&#8221; _builder_version=&#8221;4.21.0&#8243; _module_preset=&#8221;default&#8221; use_background_color_gradient=&#8221;on&#8221; background_color_gradient_stops=&#8221;rgba(32,43,30,0.7) 0%|#081e00 100%&#8221; background_color_gradient_overlays_image=&#8221;on&#8221; background_image=&#8221;https:\/\/andradeadvogados.pt\/wp\/wp-content\/uploads\/2023\/06\/IMG_1287-scaled.jpg&#8221; custom_padding=&#8221;12vw||12vw||true|false&#8221; animation_style=&#8221;fade&#8221; animation_duration=&#8221;1350ms&#8221; collapsed=&#8221;on&#8221; global_colors_info=&#8221;{}&#8221;][et_pb_row custom_padding_last_edited=&#8221;on|phone&#8221; _builder_version=&#8221;4.22.2&#8243; _module_preset=&#8221;default&#8221; max_width=&#8221;800px&#8221; custom_margin_tablet=&#8221;&#8221; custom_margin_phone=&#8221;91px||||false|false&#8221; custom_margin_last_edited=&#8221;on|phone&#8221; custom_padding_tablet=&#8221;&#8221; custom_padding_phone=&#8221;||0px||false|false&#8221; global_colors_info=&#8221;{}&#8221;][et_pb_column type=&#8221;4_4&#8243; _builder_version=&#8221;4.20.0&#8243; _module_preset=&#8221;default&#8221; global_colors_info=&#8221;{}&#8221;][et_pb_text disabled_on=&#8221;on|off|off&#8221; _builder_version=&#8221;4.22.2&#8243; _module_preset=&#8221;6a2ed793-69b8-44c3-88b3-3bd05af336d8&#8243; header_4_font=&#8221;|700||on|||||&#8221; header_4_text_color=&#8221;gcid-2f3f3e09-0a26-4ea7-8906-5e1128945e3f&#8221; text_orientation=&#8221;center&#8221; custom_margin=&#8221;||10px||false|false&#8221; animation_style=&#8221;slide&#8221; global_colors_info=&#8221;{%22gcid-2f3f3e09-0a26-4ea7-8906-5e1128945e3f%22:%91%22header_4_text_color%22%93}&#8221;]<\/p>\n<h4>Andrade Advogados<\/h4>\n<p>[\/et_pb_text][et_pb_image src=&#8221;https:\/\/andradeadvogados.pt\/wp\/wp-content\/uploads\/2023\/06\/andrade-advogados-background-icon4.png&#8221; title_text=&#8221;andrade-advocates-background-icon4&#8243; _builder_version=&#8221;4.21.0&#8243; _module_preset=&#8221;default&#8221; max_width=&#8221;130px&#8221; module_alignment=&#8221;center&#8221; global_colors_info=&#8221;{}&#8221;][\/et_pb_image][et_pb_text _builder_version=&#8221;4.22.2&#8243; _module_preset=&#8221;6eb562b5-a26d-4c35-99ed-7067618fc226&#8243; header_font=&#8221;Bodoni Moda|300||on|||||&#8221; header_text_color=&#8221;gcid-11d3dbbb-f6dc-4fb8-929b-9d6994368d00&#8243; header_font_size=&#8221;55px&#8221; text_orientation=&#8221;center&#8221; animation_style=&#8221;fade&#8221; global_colors_info=&#8221;{%22gcid-11d3dbbb-f6dc-4fb8-929b-9d6994368d00%22:%91%22header_text_color%22%93}&#8221;]<\/p>\n<h1>&#8220;Il faut toujours suivre le chemin qui m\u00e8ne au plus haut.<\/h1>\n<p>[\/et_pb_text][et_pb_text _builder_version=&#8221;4.22.2&#8243; _module_preset=&#8221;7843ecbf-c28f-4057-86a1-c2c05eb1e407&#8243; header_5_font=&#8221;Raleway|300||on|||||&#8221; header_5_text_color=&#8221;#adadad&#8221; text_orientation=&#8221;center&#8221; global_colors_info=&#8221;{}&#8221;]<\/p>\n<h5>Platon<\/h5>\n<p>[\/et_pb_text][\/et_pb_column][\/et_pb_row][\/et_pb_section][et_pb_section fb_built=&#8221;1&#8243; specialty=&#8221;on&#8221; padding_top_2=&#8221;90px&#8221; padding_top_bottom_link_2=&#8221;false&#8221; padding_left_right_link_2=&#8221;false&#8221; padding_2_tablet=&#8221;0px||||false|false&#8221; padding_2_phone=&#8221;0px||||false|false&#8221; padding_2_last_edited=&#8221;on|desktop&#8221; admin_label=&#8221;Features&#8221; _builder_version=&#8221;4.22.2&#8243; _module_preset=&#8221;default&#8221; background_color=&#8221;rgba(249,241,229,0.37)&#8221; collapsed=&#8221;on&#8221; global_colors_info=&#8221;{}&#8221; custom_padding=&#8221;||109px|||&#8221;][et_pb_column type=&#8221;1_2&#8243; specialty_columns=&#8221;2&#8243; _builder_version=&#8221;4.16&#8243; _module_preset=&#8221;default&#8221; custom_padding=&#8221;|||&#8221; global_colors_info=&#8221;{}&#8221; custom_padding__hover=&#8221;|||&#8221;][et_pb_row_inner column_structure=&#8221;1_2,1_2&#8243; use_custom_gutter=&#8221;on&#8221; gutter_width=&#8221;1&#8243; _builder_version=&#8221;4.21.0&#8243; _module_preset=&#8221;default&#8221; animation_style=&#8221;slide&#8221; animation_direction=&#8221;left&#8221; global_colors_info=&#8221;{}&#8221;][et_pb_column_inner type=&#8221;1_2&#8243; saved_specialty_column_type=&#8221;1_2&#8243; _builder_version=&#8221;4.20.0&#8243; _module_preset=&#8221;default&#8221; custom_padding=&#8221;60px||||false|false&#8221; custom_padding_tablet=&#8221;60px||||false|false&#8221; custom_padding_phone=&#8221;0px||||false|false&#8221; custom_padding_last_edited=&#8221;on|desktop&#8221; global_colors_info=&#8221;{}&#8221;][et_pb_image src=&#8221;https:\/\/andradeadvogados.pt\/wp\/wp-content\/uploads\/2023\/09\/HV9A7025.jpg&#8221; title_text=&#8221;Andrade Advogados&#8221; _builder_version=&#8221;4.22.2&#8243; _module_preset=&#8221;default&#8221; animation_style=&#8221;zoom&#8221; animation_delay=&#8221;400ms&#8221; animation_intensity_zoom=&#8221;52%&#8221; animation_starting_opacity=&#8221;7%&#8221; global_colors_info=&#8221;{}&#8221;][\/et_pb_image][\/et_pb_column_inner][et_pb_column_inner type=&#8221;1_2&#8243; saved_specialty_column_type=&#8221;1_2&#8243; _builder_version=&#8221;4.20.0&#8243; _module_preset=&#8221;default&#8221; global_colors_info=&#8221;{}&#8221;][et_pb_image src=&#8221;https:\/\/andradeadvogados.pt\/wp\/wp-content\/uploads\/2023\/09\/HV9A7020.jpg&#8221; title_text=&#8221;Andrade Advogados&#8221; _builder_version=&#8221;4.22.2&#8243; _module_preset=&#8221;default&#8221; animation_style=&#8221;fade&#8221; animation_duration=&#8221;1400ms&#8221; animation_starting_opacity=&#8221;11%&#8221; locked=&#8221;off&#8221; global_colors_info=&#8221;{}&#8221;][\/et_pb_image][\/et_pb_column_inner][\/et_pb_row_inner][\/et_pb_column][et_pb_column type=&#8221;1_2&#8243; _builder_version=&#8221;4.16&#8243; _module_preset=&#8221;default&#8221; custom_padding=&#8221;|||&#8221; global_colors_info=&#8221;{}&#8221; custom_padding__hover=&#8221;|||&#8221;][et_pb_text _builder_version=&#8221;4.22.2&#8243; _module_preset=&#8221;8530cbe9-4f57-4b32-960d-336955939a85&#8243; header_2_font=&#8221;Bodoni Moda|||on|||||&#8221; header_2_text_color=&#8221;gcid-11d3dbbb-f6dc-4fb8-929b-9d6994368d00&#8243; animation_style=&#8221;fade&#8221; header_2_font_size_phone=&#8221;35px&#8221; global_colors_info=&#8221;{%22gcid-11d3dbbb-f6dc-4fb8-929b-9d6994368d00%22:%91%22header_2_text_color%22%93}&#8221; custom_margin=&#8221;||29px|||&#8221;]<\/p>\n<h2>L&#8217;\u00e9quipe<\/h2>\n<p>[\/et_pb_text][et_pb_image src=&#8221;https:\/\/andradeadvogados.pt\/wp\/wp-content\/uploads\/2023\/06\/andrade-advogados-background-icon6-1.png&#8221; title_text=&#8221;ic\u00f4nes d&#8217;arri\u00e8re-plan pour les d\u00e9fenseurs des droits de l&#8217;homme6&#8243; _builder_version=&#8221;4.21.0&#8243; _module_preset=&#8221;default&#8221; max_width=&#8221;65px&#8221; global_colors_info=&#8221;{}&#8221;][\/et_pb_image][et_pb_text _builder_version=&#8221;4.22.2&#8243; _module_preset=&#8221;02e21494-3e5b-44a5-a847-27f54f1f1e57&#8243; text_font=&#8221;||||||||&#8221; text_text_color=&#8221;#0B2B03&#8243; animation_style=&#8221;fade&#8221; global_colors_info=&#8221;{}&#8221;]<\/p>\n<p>Les clients nous confient des causes importantes et nous consacrons nos d\u00e9cennies d&#8217;exp\u00e9rience \u00e0 la r\u00e9ussite de ces causes.  <\/p>\n<p>[\/et_pb_text][et_pb_button button_url=&#8221;@ET-DC@eyJkeW5hbWljIjp0cnVlLCJjb250ZW50IjoicG9zdF9saW5rX3VybF9wYWdlIiwic2V0dGluZ3MiOnsicG9zdF9pZCI6IjE3MyJ9fQ==@&#8221; button_text=&#8221;Contactez nous&#8221; _builder_version=&#8221;4.21.0&#8243; _dynamic_attributes=&#8221;button_url&#8221; _module_preset=&#8221;fa238448-a3ec-4bb9-900c-8c63bb57dc14&#8243; button_text_color=&#8221;#0B2B03&#8243; button_border_width=&#8221;1px&#8221; button_border_radius=&#8221;0px&#8221; global_colors_info=&#8221;{}&#8221;][\/et_pb_button][\/et_pb_column][\/et_pb_section][et_pb_section fb_built=&#8221;1&#8243; admin_label=&#8221;Services&#8221; _builder_version=&#8221;4.22.2&#8243; _module_preset=&#8221;default&#8221; use_background_color_gradient=&#8221;on&#8221; background_color_gradient_direction=&#8221;150deg&#8221; background_color_gradient_stops=&#8221;rgba(249,241,229,0.92) 0%|rgba(244,235,217,0.28) 100%&#8221; background_color_gradient_start=&#8221;#f5dbba&#8221; background_color_gradient_end=&#8221;#f6ebdd&#8221; custom_margin=&#8221;||||false|false&#8221; custom_padding=&#8221;||||false|false&#8221; top_divider_color=&#8221;#FFFFFF&#8221; top_divider_height=&#8221;10vw&#8221; locked=&#8221;off&#8221; global_colors_info=&#8221;{}&#8221;][et_pb_row _builder_version=&#8221;4.16&#8243; _module_preset=&#8221;default&#8221; global_colors_info=&#8221;{}&#8221;][et_pb_column type=&#8221;4_4&#8243; _builder_version=&#8221;4.16&#8243; _module_preset=&#8221;default&#8221; global_colors_info=&#8221;{}&#8221;][et_pb_text _builder_version=&#8221;4.22.2&#8243; _module_preset=&#8221;6eb562b5-a26d-4c35-99ed-7067618fc226&#8243; header_font=&#8221;Bodoni Moda|300||on|||||&#8221; header_text_align=&#8221;left&#8221; header_text_color=&#8221;#0B2B03&#8243; header_2_font=&#8221;Bodoni Moda|||on|||||&#8221; header_2_text_align=&#8221;center&#8221; header_2_font_size=&#8221;32px&#8221; header_2_letter_spacing=&#8221;1px&#8221; header_2_line_height=&#8221;1.5em&#8221; text_orientation=&#8221;center&#8221; animation_style=&#8221;slide&#8221; animation_direction=&#8221;bottom&#8221; header_2_font_size_tablet=&#8221;32px&#8221; header_2_font_size_phone=&#8221;21px&#8221; header_2_font_size_last_edited=&#8221;on|phone&#8221; locked=&#8221;off&#8221; global_colors_info=&#8221;{}&#8221;]<\/p>\n<h2>Nous sommes d\u00e9termin\u00e9s \u00e0 fournir l&#8217;excellence dans le conseil et la d\u00e9fense des int\u00e9r\u00eats de nos clients. Nous avons de nombreux ant\u00e9c\u00e9dents en mati\u00e8re de r\u00e9sultats positifs et d&#8217;accords dans les <em>principaux<\/em> domaines dans lesquels nous op\u00e9rons.<\/h2>\n<p>[\/et_pb_text][\/et_pb_column][\/et_pb_row][\/et_pb_section][et_pb_section fb_built=&#8221;1&#8243; admin_label=&#8221;rui&#8221; _builder_version=&#8221;4.22.2&#8243; _module_preset=&#8221;default&#8221; overflow-x=&#8221;hidden&#8221; overflow-y=&#8221;hidden&#8221; custom_padding=&#8221;96px||96px||true|&#8221; locked=&#8221;off&#8221; collapsed=&#8221;on&#8221; global_colors_info=&#8221;{}&#8221;][et_pb_row column_structure=&#8221;1_2,1_2&#8243; _builder_version=&#8221;4.21.0&#8243; _module_preset=&#8221;default&#8221; max_width=&#8221;none&#8221; custom_padding=&#8221;||0px|||&#8221; animation_style=&#8221;fade&#8221; animation_duration=&#8221;1300ms&#8221; global_colors_info=&#8221;{}&#8221;][et_pb_column type=&#8221;1_2&#8243; _builder_version=&#8221;4.16&#8243; _module_preset=&#8221;default&#8221; global_colors_info=&#8221;{}&#8221;][et_pb_image src=&#8221;https:\/\/andradeadvogados.pt\/wp\/wp-content\/uploads\/2023\/06\/engineering-firm-44.png&#8221; title_text=&#8221;HV9A6770&#8243; align=&#8221;right&#8221; _builder_version=&#8221;4.22.2&#8243; _module_preset=&#8221;default&#8221; background_image=&#8221;https:\/\/andradeadvogados.pt\/wp\/wp-content\/uploads\/2023\/09\/HV9A6770.jpg&#8221; background_position=&#8221;top_left&#8221; background_vertical_offset=&#8221;16%&#8221; max_height=&#8221;1000px&#8221; custom_margin=&#8221;|||-10vw|false|false&#8221; custom_margin_tablet=&#8221;|||0vw|false|false&#8221; custom_margin_phone=&#8221;&#8221; custom_margin_last_edited=&#8221;on|phone&#8221; custom_padding=&#8221;|||0px||&#8221; global_colors_info=&#8221;{}&#8221;][\/et_pb_image][\/et_pb_column][et_pb_column type=&#8221;1_2&#8243; _builder_version=&#8221;4.16&#8243; _module_preset=&#8221;default&#8221; positioning=&#8221;absolute&#8221; position_origin_a=&#8221;bottom_right&#8221; position_origin_a_tablet=&#8221;&#8221; position_origin_a_phone=&#8221;&#8221; position_origin_a_last_edited=&#8221;on|tablet&#8221; position_origin_f_tablet=&#8221;&#8221; position_origin_f_phone=&#8221;&#8221; position_origin_f_last_edited=&#8221;on|tablet&#8221; position_origin_r_tablet=&#8221;&#8221; position_origin_r_phone=&#8221;&#8221; position_origin_r_last_edited=&#8221;on|tablet&#8221; positioning_tablet=&#8221;none&#8221; positioning_phone=&#8221;&#8221; positioning_last_edited=&#8221;on|tablet&#8221; global_colors_info=&#8221;{}&#8221;][et_pb_text _builder_version=&#8221;4.22.2&#8243; _module_preset=&#8221;default&#8221; text_font=&#8221;Bodoni Moda|||on|||||&#8221; text_text_color=&#8221;#000000&#8243; text_font_size=&#8221;26px&#8221; text_line_height=&#8221;1.8em&#8221; animation_style=&#8221;fade&#8221; animation_delay=&#8221;350ms&#8221; text_font_size_tablet=&#8221;14px&#8221; text_font_size_phone=&#8221;26px&#8221; text_font_size_last_edited=&#8221;on|tablet&#8221; locked=&#8221;off&#8221; global_colors_info=&#8221;{}&#8221;]<\/p>\n<p>Rui Andrade<\/p>\n<p>[\/et_pb_text][et_pb_text _builder_version=&#8221;4.22.2&#8243; _module_preset=&#8221;default&#8221; text_font=&#8221;|||on|||||&#8221; text_text_color=&#8221;#0b2b03&#8243; text_font_size=&#8221;18px&#8221; text_letter_spacing=&#8221;1px&#8221; text_line_height=&#8221;1.8em&#8221; max_width=&#8221;510px&#8221; custom_margin=&#8221;-44px||||false|false&#8221; custom_margin_tablet=&#8221;-44px||||false|false&#8221; custom_margin_phone=&#8221;-30px||||false|false&#8221; custom_margin_last_edited=&#8221;on|phone&#8221; custom_padding=&#8221;0px||0px||false|false&#8221; animation_style=&#8221;slide&#8221; animation_direction=&#8221;right&#8221; text_font_size_tablet=&#8221;14px&#8221; text_font_size_phone=&#8221;13px&#8221; text_font_size_last_edited=&#8221;on|tablet&#8221; locked=&#8221;off&#8221; global_colors_info=&#8221;{}&#8221;]<\/p>\n<p>AVOCAT<\/p>\n<p>[\/et_pb_text][et_pb_text _builder_version=&#8221;4.22.2&#8243; _module_preset=&#8221;default&#8221; text_font=&#8221;||||||||&#8221; text_text_color=&#8221;#000000&#8243; text_font_size=&#8221;16px&#8221; text_line_height=&#8221;1.8em&#8221; text_orientation=&#8221;justified&#8221; max_width=&#8221;510px&#8221; text_font_size_tablet=&#8221;14px&#8221; text_font_size_phone=&#8221;13px&#8221; text_font_size_last_edited=&#8221;on|tablet&#8221; locked=&#8221;off&#8221; global_colors_info=&#8221;{}&#8221;]<\/p>\n<p>30 ans d&#8217;exp\u00e9rience dans les domaines du droit des soci\u00e9t\u00e9s, des infrastructures, de la construction, des march\u00e9s publics, du contentieux, de la gestion des risques et de la r\u00e9solution des litiges.<\/p>\n<p>Avec une vaste exp\u00e9rience <em>interne<\/em>  dans le secteur de la construction, acquise au cours de 20 ans en tant que directeur juridique et directeur de l&#8217;un des plus grands groupes multinationaux latino-am\u00e9ricains du secteur, Rui Andrade a fond\u00e9 Andrade &amp; Mora en 2018, apr\u00e8s avoir \u00e9volu\u00e9 en 2023 pour cr\u00e9er la Boutique Legal Andrade Advogados, compos\u00e9e d&#8217;une \u00e9quipe pluridisciplinaire de talents sp\u00e9cialis\u00e9s et qualifi\u00e9s.<\/p>\n<p>Exp\u00e9rience pertinente en mati\u00e8re de passation de contrats, d&#8217;ex\u00e9cution et de r\u00e9solution de litiges dans le cadre de projets d&#8217;infrastructure, d&#8217;\u00e9nergie et de concession impliquant des organisations telles que la Banque mondiale, le Fonds europ\u00e9en de d\u00e9veloppement, la Banque africaine de d\u00e9veloppement, la Banque islamique de d\u00e9veloppement, entre autres institutions bancaires, et dans les juridictions de l&#8217;OHADA, de l&#8217;Afrique du Nord et des PALOP (pays de langue portugaise).<\/p>\n<p>Membre de la SCL &#8211; <em>Society of Construction Law<\/em><\/p>\n<p>Membre de la DRBF &#8211; <em>Dispute Resolution Board Foundation<\/em><\/p>\n<p>Il est dipl\u00f4m\u00e9 de la facult\u00e9 de droit de l&#8217;universit\u00e9 catholique de Lisbonne avec mention et titulaire d&#8217;un master en sciences juridiques publiques de la m\u00eame universit\u00e9.<\/p>\n<p>[\/et_pb_text][et_pb_social_media_follow _builder_version=&#8221;4.21.0&#8243; _module_preset=&#8221;default&#8221; locked=&#8221;off&#8221; global_colors_info=&#8221;{}&#8221;][et_pb_social_media_follow_network social_network=&#8221;linkedin&#8221; url=&#8221;https:\/\/www.linkedin.com\/in\/rui-andrade-aa502913\/&#8221; icon_color=&#8221;#0B2B03&#8243; _builder_version=&#8221;4.21.0&#8243; _module_preset=&#8221;default&#8221; background_color=&#8221;#007bb6&#8243; background_enable_color=&#8221;off&#8221; global_colors_info=&#8221;{}&#8221; follow_button=&#8221;off&#8221; url_new_window=&#8221;on&#8221;]linkedin[\/et_pb_social_media_follow_network][\/et_pb_social_media_follow][\/et_pb_column][\/et_pb_row][\/et_pb_section][et_pb_section fb_built=&#8221;1&#8243; admin_label=&#8221;ana filipa&#8221; _builder_version=&#8221;4.22.2&#8243; _module_preset=&#8221;default&#8221; background_color=&#8221;rgba(202,182,161,0.19)&#8221; top_divider_height=&#8221;21px&#8221; locked=&#8221;off&#8221; collapsed=&#8221;on&#8221; global_colors_info=&#8221;{}&#8221;][et_pb_row column_structure=&#8221;1_2,1_2&#8243; _builder_version=&#8221;4.21.0&#8243; _module_preset=&#8221;default&#8221; custom_margin=&#8221;30px||||false|false&#8221; custom_padding=&#8221;||||false|false&#8221; global_colors_info=&#8221;{}&#8221;][et_pb_column type=&#8221;1_2&#8243; _builder_version=&#8221;4.21.0&#8243; _module_preset=&#8221;default&#8221; global_colors_info=&#8221;{}&#8221;][et_pb_text _builder_version=&#8221;4.22.2&#8243; _module_preset=&#8221;default&#8221; text_font=&#8221;Bodoni Moda|||on|||||&#8221; text_text_color=&#8221;#000000&#8243; text_font_size=&#8221;24px&#8221; text_line_height=&#8221;1.8em&#8221; animation_style=&#8221;fade&#8221; animation_delay=&#8221;350ms&#8221; text_font_size_tablet=&#8221;14px&#8221; text_font_size_phone=&#8221;26px&#8221; text_font_size_last_edited=&#8221;on|tablet&#8221; locked=&#8221;off&#8221; global_colors_info=&#8221;{}&#8221;]<\/p>\n<p>Ana Filipa da Franca<\/p>\n<p>[\/et_pb_text][et_pb_text _builder_version=&#8221;4.22.2&#8243; _module_preset=&#8221;default&#8221; text_font=&#8221;|||on|||||&#8221; text_text_color=&#8221;#0b2b03&#8243; text_font_size=&#8221;18px&#8221; text_letter_spacing=&#8221;1px&#8221; text_line_height=&#8221;1.8em&#8221; custom_margin=&#8221;-27px||||false|false&#8221; custom_padding=&#8221;0px||0px||false|false&#8221; animation_style=&#8221;slide&#8221; animation_direction=&#8221;left&#8221; text_font_size_tablet=&#8221;14px&#8221; text_font_size_phone=&#8221;13px&#8221; text_font_size_last_edited=&#8221;on|tablet&#8221; locked=&#8221;off&#8221; global_colors_info=&#8221;{}&#8221;]<\/p>\n<p>AVOCAT ASSOCI\u00c9<\/p>\n<p>[\/et_pb_text][et_pb_text _builder_version=&#8221;4.22.2&#8243; _module_preset=&#8221;default&#8221; text_font=&#8221;||||||||&#8221; text_text_color=&#8221;#000000&#8243; text_font_size=&#8221;16px&#8221; text_line_height=&#8221;1.8em&#8221; text_orientation=&#8221;justified&#8221; max_width=&#8221;510px&#8221; text_font_size_tablet=&#8221;14px&#8221; text_font_size_phone=&#8221;13px&#8221; text_font_size_last_edited=&#8221;on|tablet&#8221; locked=&#8221;off&#8221; global_colors_info=&#8221;{}&#8221;]<\/p>\n<p>Forte de 35 ans d&#8217;exp\u00e9rience, tant comme juriste interne de grandes entreprises que comme avocate ind\u00e9pendante, elle a travaill\u00e9 dans les domaines des grands contrats de travaux civils et publics, des concessions de travaux publics, de la m\u00e9tallurgie, du contentieux et de l&#8217;arbitrage, tant au Portugal qu&#8217;\u00e0 l&#8217;\u00e9tranger.<br \/>En particulier dans les grands march\u00e9s publics, elle a particip\u00e9 \u00e0 des projets financ\u00e9s par le Fonds europ\u00e9en de d\u00e9veloppement, la Banque mondiale et la Banque africaine de d\u00e9veloppement. Elle a \u00e9galement travaill\u00e9 dans les domaines du droit commercial, du droit du travail et du droit locatif.<\/p>\n<p>Elle a donn\u00e9 diverses formations dans le domaine de la construction et des march\u00e9s publics.<\/p>\n<p>Ellel a obtenu son dipl\u00f4me de droit en 1987 \u00e0 la facult\u00e9 de droit de l&#8217;universit\u00e9 de Lisbonne.<\/p>\n<p>[\/et_pb_text][\/et_pb_column][et_pb_column type=&#8221;1_2&#8243; _builder_version=&#8221;4.21.0&#8243; _module_preset=&#8221;default&#8221; global_colors_info=&#8221;{}&#8221;][et_pb_image src=&#8221;https:\/\/andradeadvogados.pt\/wp\/wp-content\/uploads\/2024\/01\/HV9A0167.jpg&#8221; title_text=&#8221;Andrade Advogados&#8221; _builder_version=&#8221;4.22.2&#8243; _module_preset=&#8221;default&#8221; animation_style=&#8221;slide&#8221; animation_direction=&#8221;right&#8221; animation_starting_opacity=&#8221;19%&#8221; global_colors_info=&#8221;{}&#8221;][\/et_pb_image][\/et_pb_column][\/et_pb_row][\/et_pb_section][et_pb_section fb_built=&#8221;1&#8243; admin_label=&#8221;paula&#8221; _builder_version=&#8221;4.22.2&#8243; _module_preset=&#8221;default&#8221; background_enable_color=&#8221;off&#8221; top_divider_height=&#8221;21px&#8221; collapsed=&#8221;on&#8221; global_colors_info=&#8221;{}&#8221;][et_pb_row column_structure=&#8221;1_2,1_2&#8243; _builder_version=&#8221;4.21.0&#8243; _module_preset=&#8221;default&#8221; custom_margin=&#8221;30px||||false|false&#8221; global_colors_info=&#8221;{}&#8221;][et_pb_column type=&#8221;1_2&#8243; _builder_version=&#8221;4.21.0&#8243; _module_preset=&#8221;default&#8221; global_colors_info=&#8221;{}&#8221;][et_pb_image src=&#8221;https:\/\/andradeadvogados.pt\/wp\/wp-content\/uploads\/2023\/09\/HV9A7039.jpg&#8221; title_text=&#8221;Andrade Advogados Dr. Paula Osorio&#8221; _builder_version=&#8221;4.22.2&#8243; _module_preset=&#8221;default&#8221; animation_style=&#8221;slide&#8221; animation_direction=&#8221;left&#8221; animation_starting_opacity=&#8221;19%&#8221; global_colors_info=&#8221;{}&#8221;][\/et_pb_image][\/et_pb_column][et_pb_column type=&#8221;1_2&#8243; _builder_version=&#8221;4.21.0&#8243; _module_preset=&#8221;default&#8221; global_colors_info=&#8221;{}&#8221;][et_pb_text _builder_version=&#8221;4.21.0&#8243; _module_preset=&#8221;default&#8221; text_font=&#8221;Bodoni Moda|||on|||||&#8221; text_text_color=&#8221;#000000&#8243; text_font_size=&#8221;24px&#8221; text_line_height=&#8221;1.8em&#8221; animation_style=&#8221;fade&#8221; animation_delay=&#8221;350ms&#8221; text_font_size_tablet=&#8221;14px&#8221; text_font_size_phone=&#8221;26px&#8221; text_font_size_last_edited=&#8221;on|tablet&#8221; locked=&#8221;off&#8221; global_colors_info=&#8221;{}&#8221;]<\/p>\n<p>Paula Os\u00f3rio<\/p>\n<p>[\/et_pb_text][et_pb_text _builder_version=&#8221;4.21.0&#8243; _module_preset=&#8221;default&#8221; text_font=&#8221;|||on|||||&#8221; text_text_color=&#8221;#0b2b03&#8243; text_font_size=&#8221;18px&#8221; text_letter_spacing=&#8221;1px&#8221; text_line_height=&#8221;1.8em&#8221; custom_margin=&#8221;-27px||||false|false&#8221; custom_padding=&#8221;0px||0px||false|false&#8221; animation_style=&#8221;slide&#8221; animation_direction=&#8221;right&#8221; text_font_size_tablet=&#8221;14px&#8221; text_font_size_phone=&#8221;13px&#8221; text_font_size_last_edited=&#8221;on|tablet&#8221; locked=&#8221;off&#8221; global_colors_info=&#8221;{}&#8221;]<\/p>\n<p>du conseil<\/p>\n<p>[\/et_pb_text][et_pb_text _builder_version=&#8221;4.22.2&#8243; _module_preset=&#8221;default&#8221; text_font=&#8221;||||||||&#8221; text_text_color=&#8221;#000000&#8243; text_font_size=&#8221;16px&#8221; text_line_height=&#8221;1.8em&#8221; text_orientation=&#8221;justified&#8221; max_width=&#8221;510px&#8221; text_font_size_tablet=&#8221;14px&#8221; text_font_size_phone=&#8221;13px&#8221; text_font_size_last_edited=&#8221;on|tablet&#8221; locked=&#8221;off&#8221; global_colors_info=&#8221;{}&#8221;]<\/p>\n<p>Plus de 25 ans de conseil strat\u00e9gique et de n\u00e9gociation pr\u00e9contractuelle et pr\u00e9contentieuse dans diverses entreprises portugaises et angolaises, en particulier dans les secteurs des t\u00e9l\u00e9communications : Portugal Telecom ; Multitel (Angola) ; dans le secteur de la sant\u00e9 et dans le secteur des infrastructures.<br \/>Expertise en mati\u00e8re de n\u00e9gociation d&#8217;accords avec les organismes gouvernementaux et de conciliation dans le cadre de proc\u00e9dures de r\u00e8glement des diff\u00e9rends.<\/p>\n<p>Il a \u00e9t\u00e9 conseiller principal et responsable de la strat\u00e9gie de march\u00e9 de plusieurs entreprises en Angola. Elle a \u00e9t\u00e9 directrice g\u00e9n\u00e9rale de l&#8217;AITECOeiras.<\/p>\n<p>Elle est titulaire d&#8217;une licence en droit et d&#8217;un dipl\u00f4me de troisi\u00e8me cycle en droit administratif de l&#8217;Universit\u00e9 catholique portugaise de Lisbonne, d&#8217;une ma\u00eetrise en \u00e9conomie et d\u00e9veloppement de l&#8217;Institut sup\u00e9rieur des sciences du travail et de l&#8217;entreprise de Lisbonne (I.S.C.T.E.) et d&#8217;une ma\u00eetrise en n\u00e9gociation de l&#8217;E.S.A.D. de Barcelone.<\/p>\n<p>Auteur et co-auteur d&#8217;articles sur les PPP en Angola et au Portugal.<\/p>\n<p>[\/et_pb_text][\/et_pb_column][\/et_pb_row][\/et_pb_section][et_pb_section fb_built=&#8221;1&#8243; prev_background_color=&#8221;#ffffff&#8221; admin_label=&#8221;joao pinheiro&#8221; _builder_version=&#8221;4.22.2&#8243; _module_preset=&#8221;default&#8221; background_color=&#8221;rgba(202,182,161,0.19)&#8221; top_divider_style=&#8221;arrow&#8221; top_divider_height=&#8221;21px&#8221; collapsed=&#8221;on&#8221; global_colors_info=&#8221;{}&#8221;][et_pb_row column_structure=&#8221;1_2,1_2&#8243; _builder_version=&#8221;4.21.0&#8243; _module_preset=&#8221;default&#8221; global_colors_info=&#8221;{}&#8221;][et_pb_column type=&#8221;1_2&#8243; _builder_version=&#8221;4.21.0&#8243; _module_preset=&#8221;default&#8221; global_colors_info=&#8221;{}&#8221;][et_pb_text _builder_version=&#8221;4.21.0&#8243; _module_preset=&#8221;default&#8221; text_font=&#8221;Bodoni Moda|||on|||||&#8221; text_text_color=&#8221;#000000&#8243; text_font_size=&#8221;24px&#8221; text_line_height=&#8221;1.8em&#8221; animation_style=&#8221;fade&#8221; animation_delay=&#8221;350ms&#8221; text_font_size_tablet=&#8221;14px&#8221; text_font_size_phone=&#8221;26px&#8221; text_font_size_last_edited=&#8221;on|tablet&#8221; locked=&#8221;off&#8221; global_colors_info=&#8221;{}&#8221;]<\/p>\n<p>Jo\u00e3o Pinheiro<\/p>\n<p>[\/et_pb_text][et_pb_text _builder_version=&#8221;4.21.0&#8243; _module_preset=&#8221;default&#8221; text_font=&#8221;|||on|||||&#8221; text_text_color=&#8221;#0b2b03&#8243; text_font_size=&#8221;18px&#8221; text_letter_spacing=&#8221;1px&#8221; text_line_height=&#8221;1.8em&#8221; custom_margin=&#8221;-27px||||false|false&#8221; custom_padding=&#8221;0px||0px||false|false&#8221; animation_style=&#8221;slide&#8221; animation_direction=&#8221;right&#8221; text_font_size_tablet=&#8221;14px&#8221; text_font_size_phone=&#8221;13px&#8221; text_font_size_last_edited=&#8221;on|tablet&#8221; locked=&#8221;off&#8221; global_colors_info=&#8221;{}&#8221;]<\/p>\n<p>AVOCAT<\/p>\n<p>[\/et_pb_text][et_pb_text _builder_version=&#8221;4.21.0&#8243; _module_preset=&#8221;default&#8221; text_font=&#8221;||||||||&#8221; text_text_color=&#8221;#000000&#8243; text_font_size=&#8221;16px&#8221; text_line_height=&#8221;1.8em&#8221; text_orientation=&#8221;justified&#8221; max_width=&#8221;510px&#8221; text_font_size_tablet=&#8221;14px&#8221; text_font_size_phone=&#8221;13px&#8221; text_font_size_last_edited=&#8221;on|tablet&#8221; locked=&#8221;off&#8221; global_colors_info=&#8221;{}&#8221;]<\/p>\n<p>Il a plus de 25 ans d&#8217;exp\u00e9rience en droit public, march\u00e9s publics (contrats, concessions et fournitures), droit du travail, droit commercial, droit du sport, droit des soci\u00e9t\u00e9s et contrats internationaux.<\/p>\n<p>Pratique pertinente en mati\u00e8re de litiges administratifs, civils et p\u00e9naux tr\u00e8s complexes.<br \/>Conseil et coordination des services juridiques pour les \u00e9tablissements d&#8217;enseignement sup\u00e9rieur, les autorit\u00e9s locales, les entreprises du secteur public et la d\u00e9fense nationale, en particulier dans le domaine du gouvernement.<\/p>\n<p>Au cours de la derni\u00e8re d\u00e9cennie, il a \u00e9t\u00e9 maire de l&#8217;assembl\u00e9e municipale de Lisbonne pendant deux mandats.<\/p>\n<p>Il est actuellement maire de Penamacor, dans le district de Castelo Branco.<br \/>Co-auteur d&#8217;ouvrages collectifs et de monographies de r\u00e9f\u00e9rence dans les domaines de la gouvernance publique, des march\u00e9s publics et du droit du sport.<\/p>\n<p>Avocat dipl\u00f4m\u00e9 en droit de l&#8217;universit\u00e9 de Lisbonne et titulaire d&#8217;un dipl\u00f4me de troisi\u00e8me cycle en soci\u00e9t\u00e9s commerciales de l&#8217;universit\u00e9 Nova de Lisbonne, d&#8217;un MBA en gestion et d&#8217;un doctorat en droit public, tous deux de l&#8217;universit\u00e9 Nova de Lisbonne.<\/p>\n<p>[\/et_pb_text][et_pb_social_media_follow _builder_version=&#8221;4.21.0&#8243; _module_preset=&#8221;default&#8221; locked=&#8221;off&#8221; global_colors_info=&#8221;{}&#8221;][et_pb_social_media_follow_network social_network=&#8221;linkedin&#8221; url=&#8221;https:\/\/www.linkedin.com\/in\/jo%C3%A3o-h-a9013613\/&#8221; icon_color=&#8221;#0B2B03&#8243; _builder_version=&#8221;4.21.0&#8243; _module_preset=&#8221;default&#8221; background_color=&#8221;#007bb6&#8243; background_enable_color=&#8221;off&#8221; global_colors_info=&#8221;{}&#8221; follow_button=&#8221;off&#8221; url_new_window=&#8221;on&#8221;]linkedin[\/et_pb_social_media_follow_network][\/et_pb_social_media_follow][\/et_pb_column][et_pb_column type=&#8221;1_2&#8243; _builder_version=&#8221;4.21.0&#8243; _module_preset=&#8221;default&#8221; global_colors_info=&#8221;{}&#8221;][et_pb_image src=&#8221;https:\/\/andradeadvogados.pt\/wp\/wp-content\/uploads\/2023\/09\/HV9A6744.jpg&#8221; title_text=&#8221;Andrade Advogados Dr. Joao Pinheiro&#8221; _builder_version=&#8221;4.21.0&#8243; _module_preset=&#8221;default&#8221; animation_style=&#8221;slide&#8221; animation_direction=&#8221;right&#8221; animation_starting_opacity=&#8221;19%&#8221; global_colors_info=&#8221;{}&#8221;][\/et_pb_image][\/et_pb_column][\/et_pb_row][\/et_pb_section][et_pb_section fb_built=&#8221;1&#8243; disabled_on=&#8221;on|on|on&#8221; admin_label=&#8221;luisa&#8221; _builder_version=&#8221;4.22.2&#8243; _module_preset=&#8221;default&#8221; background_enable_color=&#8221;off&#8221; top_divider_height=&#8221;21px&#8221; disabled=&#8221;on&#8221; collapsed=&#8221;on&#8221; global_colors_info=&#8221;{}&#8221;][et_pb_row column_structure=&#8221;1_2,1_2&#8243; _builder_version=&#8221;4.21.0&#8243; _module_preset=&#8221;default&#8221; custom_margin=&#8221;30px||||false|false&#8221; global_colors_info=&#8221;{}&#8221;][et_pb_column type=&#8221;1_2&#8243; _builder_version=&#8221;4.21.0&#8243; _module_preset=&#8221;default&#8221; global_colors_info=&#8221;{}&#8221;][et_pb_image src=&#8221;https:\/\/andradeadvogados.pt\/wp\/wp-content\/uploads\/2023\/09\/HV9A4924.jpg&#8221; title_text=&#8221;Andrade Advogados Dr. Luisa Scapini&#8221; _builder_version=&#8221;4.21.0&#8243; _module_preset=&#8221;default&#8221; animation_style=&#8221;slide&#8221; animation_direction=&#8221;left&#8221; animation_starting_opacity=&#8221;19%&#8221; global_colors_info=&#8221;{}&#8221;][\/et_pb_image][\/et_pb_column][et_pb_column type=&#8221;1_2&#8243; _builder_version=&#8221;4.21.0&#8243; _module_preset=&#8221;default&#8221; global_colors_info=&#8221;{}&#8221;][et_pb_text _builder_version=&#8221;4.21.0&#8243; _module_preset=&#8221;default&#8221; text_font=&#8221;Bodoni Moda|||on|||||&#8221; text_text_color=&#8221;#000000&#8243; text_font_size=&#8221;24px&#8221; text_line_height=&#8221;1.8em&#8221; animation_style=&#8221;fade&#8221; animation_delay=&#8221;350ms&#8221; text_font_size_tablet=&#8221;14px&#8221; text_font_size_phone=&#8221;26px&#8221; text_font_size_last_edited=&#8221;on|tablet&#8221; locked=&#8221;off&#8221; global_colors_info=&#8221;{}&#8221;]<\/p>\n<p>Lu\u00edsa Scapini<\/p>\n<p>[\/et_pb_text][et_pb_text _builder_version=&#8221;4.21.0&#8243; _module_preset=&#8221;default&#8221; text_font=&#8221;|||on|||||&#8221; text_text_color=&#8221;#0b2b03&#8243; text_font_size=&#8221;18px&#8221; text_letter_spacing=&#8221;1px&#8221; text_line_height=&#8221;1.8em&#8221; custom_margin=&#8221;-27px||||false|false&#8221; custom_padding=&#8221;0px||0px||false|false&#8221; animation_style=&#8221;slide&#8221; animation_direction=&#8221;right&#8221; text_font_size_tablet=&#8221;14px&#8221; text_font_size_phone=&#8221;13px&#8221; text_font_size_last_edited=&#8221;on|tablet&#8221; locked=&#8221;off&#8221; global_colors_info=&#8221;{}&#8221;]<\/p>\n<p>AVOCAT<\/p>\n<p>[\/et_pb_text][et_pb_text _builder_version=&#8221;4.21.0&#8243; _module_preset=&#8221;default&#8221; text_font=&#8221;||||||||&#8221; text_text_color=&#8221;#000000&#8243; text_font_size=&#8221;16px&#8221; text_line_height=&#8221;1.8em&#8221; text_orientation=&#8221;justified&#8221; max_width=&#8221;510px&#8221; text_font_size_tablet=&#8221;14px&#8221; text_font_size_phone=&#8221;13px&#8221; text_font_size_last_edited=&#8221;on|tablet&#8221; locked=&#8221;off&#8221; global_colors_info=&#8221;{}&#8221;]<\/p>\n<p>Avocat \u00e0 RL.LMS.SC. &amp; Associados, et Andrade &amp; Mora Associados, avant de rejoindre l&#8217;\u00e9quipe d&#8217;Andrade Advogados.<br \/>Conseil juridique \u00e0 REAPREV \u00e0 Porto.<\/p>\n<p>Sp\u00e9cialiste du droit administratif, des march\u00e9s publics, des entreprises, des infractions administratives et du contentieux du travail, civil et p\u00e9nal.<\/p>\n<p>Dipl\u00f4m\u00e9 de l&#8217;universit\u00e9 Lus\u00edada de Porto et auteur de la th\u00e8se &#8220;Responsabilit\u00e9 civile extracontractuelle pour les dommages caus\u00e9s par les syst\u00e8mes d&#8217;intelligence artificielle&#8221;.<\/p>\n<p>[\/et_pb_text][et_pb_social_media_follow _builder_version=&#8221;4.21.0&#8243; _module_preset=&#8221;default&#8221; locked=&#8221;off&#8221; global_colors_info=&#8221;{}&#8221;][et_pb_social_media_follow_network social_network=&#8221;linkedin&#8221; url=&#8221;http:\/\/www.linkedin.com\/in\/lu\u00edsa-scapini-5517b71b6&#8243; icon_color=&#8221;#0B2B03&#8243; _builder_version=&#8221;4.21.0&#8243; _module_preset=&#8221;default&#8221; background_color=&#8221;#007bb6&#8243; background_enable_color=&#8221;off&#8221; global_colors_info=&#8221;{}&#8221; follow_button=&#8221;off&#8221; url_new_window=&#8221;on&#8221;]linkedin[\/et_pb_social_media_follow_network][\/et_pb_social_media_follow][\/et_pb_column][\/et_pb_row][\/et_pb_section][et_pb_section fb_built=&#8221;1&#8243; disabled_on=&#8221;on|on|on&#8221; admin_label=&#8221;nelson&#8221; _builder_version=&#8221;4.22.2&#8243; _module_preset=&#8221;default&#8221; background_color=&#8221;rgba(202,182,161,0.19)&#8221; top_divider_height=&#8221;21px&#8221; disabled=&#8221;on&#8221; collapsed=&#8221;on&#8221; global_colors_info=&#8221;{}&#8221;][et_pb_row column_structure=&#8221;1_2,1_2&#8243; _builder_version=&#8221;4.21.0&#8243; _module_preset=&#8221;default&#8221; custom_margin=&#8221;30px||||false|false&#8221; custom_padding=&#8221;||||false|false&#8221; global_colors_info=&#8221;{}&#8221;][et_pb_column type=&#8221;1_2&#8243; _builder_version=&#8221;4.21.0&#8243; _module_preset=&#8221;default&#8221; global_colors_info=&#8221;{}&#8221;][et_pb_text _builder_version=&#8221;4.21.0&#8243; _module_preset=&#8221;default&#8221; text_font=&#8221;Bodoni Moda|||on|||||&#8221; text_text_color=&#8221;#000000&#8243; text_font_size=&#8221;24px&#8221; text_line_height=&#8221;1.8em&#8221; animation_style=&#8221;fade&#8221; animation_delay=&#8221;350ms&#8221; text_font_size_tablet=&#8221;14px&#8221; text_font_size_phone=&#8221;26px&#8221; text_font_size_last_edited=&#8221;on|tablet&#8221; locked=&#8221;off&#8221; global_colors_info=&#8221;{}&#8221;]<\/p>\n<p>Nelson Ferreira<\/p>\n<p>[\/et_pb_text][et_pb_text _builder_version=&#8221;4.21.0&#8243; _module_preset=&#8221;default&#8221; text_font=&#8221;|||on|||||&#8221; text_text_color=&#8221;#0b2b03&#8243; text_font_size=&#8221;18px&#8221; text_letter_spacing=&#8221;1px&#8221; text_line_height=&#8221;1.8em&#8221; custom_margin=&#8221;-27px||||false|false&#8221; custom_padding=&#8221;0px||0px||false|false&#8221; animation_style=&#8221;slide&#8221; animation_direction=&#8221;left&#8221; text_font_size_tablet=&#8221;14px&#8221; text_font_size_phone=&#8221;13px&#8221; text_font_size_last_edited=&#8221;on|tablet&#8221; locked=&#8221;off&#8221; global_colors_info=&#8221;{}&#8221;]<\/p>\n<p>AVOCAT<\/p>\n<p>[\/et_pb_text][et_pb_text _builder_version=&#8221;4.22.2&#8243; _module_preset=&#8221;default&#8221; text_font=&#8221;||||||||&#8221; text_text_color=&#8221;#000000&#8243; text_font_size=&#8221;16px&#8221; text_line_height=&#8221;1.8em&#8221; text_orientation=&#8221;justified&#8221; max_width=&#8221;510px&#8221; text_font_size_tablet=&#8221;14px&#8221; text_font_size_phone=&#8221;13px&#8221; text_font_size_last_edited=&#8221;on|tablet&#8221; locked=&#8221;off&#8221; global_colors_info=&#8221;{}&#8221;]<\/p>\n<p>Apr\u00e8s avoir rejoint le d\u00e9partement de contentieux et d&#8217;arbitrage du cabinet d&#8217;avocats CMS Pena &amp; Arnaut Associados, il a int\u00e9gr\u00e9 l&#8217;\u00e9quipe d&#8217;Andrade &amp; Mora Associados, o\u00f9 il a excell\u00e9 et a \u00e9t\u00e9 invit\u00e9 \u00e0 rejoindre l&#8217;\u00e9quipe d&#8217;Andrade Advogados.<\/p>\n<p>Il est sp\u00e9cialis\u00e9 en droit public dans les domaines des soci\u00e9t\u00e9s, des contrats publics, des litiges et des modes alternatifs de r\u00e9solution des conflits : arbitrage et m\u00e9diation.<\/p>\n<p>Il a effectu\u00e9 un stage au Centre d&#8217;arbitrage commercial de la Chambre de commerce et d&#8217;industrie portugaise.<\/p>\n<p>Il est titulaire d&#8217;une licence en droit de la facult\u00e9 de droit de l&#8217;Universidade Nova de Lisboa, o\u00f9 il pr\u00e9pare un master en droit judiciaire et arbitrage, et d&#8217;un dipl\u00f4me de troisi\u00e8me cycle en gestion des contrats publics de la facult\u00e9 de droit de l&#8217;Universidade Cl\u00e1ssica de Lisboa.<\/p>\n<p>[\/et_pb_text][et_pb_social_media_follow _builder_version=&#8221;4.21.0&#8243; _module_preset=&#8221;default&#8221; locked=&#8221;off&#8221; global_colors_info=&#8221;{}&#8221;][et_pb_social_media_follow_network social_network=&#8221;linkedin&#8221; url=&#8221;https:\/\/www.linkedin.com\/in\/nelsondouradoferreira\/&#8221; icon_color=&#8221;#0B2B03&#8243; _builder_version=&#8221;4.21.0&#8243; _module_preset=&#8221;default&#8221; background_color=&#8221;#007bb6&#8243; background_enable_color=&#8221;off&#8221; global_colors_info=&#8221;{}&#8221; follow_button=&#8221;off&#8221; url_new_window=&#8221;on&#8221;]linkedin[\/et_pb_social_media_follow_network][\/et_pb_social_media_follow][\/et_pb_column][et_pb_column type=&#8221;1_2&#8243; _builder_version=&#8221;4.21.0&#8243; _module_preset=&#8221;default&#8221; global_colors_info=&#8221;{}&#8221;][et_pb_image src=&#8221;https:\/\/andradeadvogados.pt\/wp\/wp-content\/uploads\/2023\/09\/HV9A4964.jpg&#8221; title_text=&#8221;avocats andrade Dr Nelson  &#8221; _builder_version=&#8221;4.22.2&#8243; _module_preset=&#8221;default&#8221; animation_style=&#8221;slide&#8221; animation_direction=&#8221;right&#8221; animation_starting_opacity=&#8221;19%&#8221; global_colors_info=&#8221;{}&#8221;][\/et_pb_image][\/et_pb_column][\/et_pb_row][\/et_pb_section][et_pb_section fb_built=&#8221;1&#8243; disabled_on=&#8221;off|off|off&#8221; admin_label=&#8221;luisa&#8221; _builder_version=&#8221;4.22.2&#8243; _module_preset=&#8221;default&#8221; background_enable_color=&#8221;off&#8221; top_divider_height=&#8221;21px&#8221; locked=&#8221;off&#8221; collapsed=&#8221;on&#8221; global_colors_info=&#8221;{}&#8221;][et_pb_row column_structure=&#8221;1_2,1_2&#8243; _builder_version=&#8221;4.21.0&#8243; _module_preset=&#8221;default&#8221; custom_margin=&#8221;30px||||false|false&#8221; global_colors_info=&#8221;{}&#8221;][et_pb_column type=&#8221;1_2&#8243; _builder_version=&#8221;4.21.0&#8243; _module_preset=&#8221;default&#8221; global_colors_info=&#8221;{}&#8221;][et_pb_image src=&#8221;https:\/\/andradeadvogados.pt\/wp\/wp-content\/uploads\/2025\/03\/andrade-advogados-00004.jpg&#8221; title_text=&#8221;andrade advogados 00004&#8243; _builder_version=&#8221;4.22.2&#8243; _module_preset=&#8221;default&#8221; animation_style=&#8221;slide&#8221; animation_direction=&#8221;left&#8221; animation_starting_opacity=&#8221;19%&#8221; global_colors_info=&#8221;{}&#8221;][\/et_pb_image][\/et_pb_column][et_pb_column type=&#8221;1_2&#8243; _builder_version=&#8221;4.21.0&#8243; _module_preset=&#8221;default&#8221; global_colors_info=&#8221;{}&#8221;][et_pb_text _builder_version=&#8221;4.22.2&#8243; _module_preset=&#8221;default&#8221; text_font=&#8221;Bodoni Moda|||on|||||&#8221; text_text_color=&#8221;#000000&#8243; text_font_size=&#8221;24px&#8221; text_line_height=&#8221;1.8em&#8221; animation_style=&#8221;fade&#8221; animation_delay=&#8221;350ms&#8221; text_font_size_tablet=&#8221;14px&#8221; text_font_size_phone=&#8221;26px&#8221; text_font_size_last_edited=&#8221;on|tablet&#8221; locked=&#8221;off&#8221; global_colors_info=&#8221;{}&#8221;]<\/p>\n<p>Sara Lopes Heitor<\/p>\n<p>[\/et_pb_text][et_pb_text _builder_version=&#8221;4.22.2&#8243; _module_preset=&#8221;default&#8221; text_font=&#8221;|||on|||||&#8221; text_text_color=&#8221;#0b2b03&#8243; text_font_size=&#8221;18px&#8221; text_letter_spacing=&#8221;1px&#8221; text_line_height=&#8221;1.8em&#8221; custom_margin=&#8221;-27px||||false|false&#8221; custom_padding=&#8221;0px||0px||false|false&#8221; animation_style=&#8221;slide&#8221; animation_direction=&#8221;right&#8221; text_font_size_tablet=&#8221;14px&#8221; text_font_size_phone=&#8221;13px&#8221; text_font_size_last_edited=&#8221;on|tablet&#8221; locked=&#8221;off&#8221; global_colors_info=&#8221;{}&#8221;]<\/p>\n<p>TRAINEE LAWYER<\/p>\n<p>[\/et_pb_text][et_pb_text _builder_version=&#8221;4.22.2&#8243; _module_preset=&#8221;default&#8221; text_font=&#8221;||||||||&#8221; text_text_color=&#8221;#000000&#8243; text_font_size=&#8221;16px&#8221; text_line_height=&#8221;1.8em&#8221; text_orientation=&#8221;justified&#8221; max_width=&#8221;510px&#8221; hover_enabled=&#8221;0&#8243; text_font_size_tablet=&#8221;14px&#8221; text_font_size_phone=&#8221;13px&#8221; text_font_size_last_edited=&#8221;on|tablet&#8221; locked=&#8221;off&#8221; global_colors_info=&#8221;{}&#8221; sticky_enabled=&#8221;0&#8243;]Professionnelle avec exp\u00e9rience dans les domaines du Droit Administratif, des March\u00e9s Publics, de l&#8217;Urbanisme, de la Construction et des Travaux Publics, acquise en fournissant des services de conseil juridique pour une Municipalit\u00e9 de premier plan. Au cours des 7 derni\u00e8res ann\u00e9es a travaill\u00e9 sur le soutien juridique aux appels d&#8217;offres publics, ayant acquis exp\u00e9rience dans la coordination et dans la soumission de candidatures pour des fonds europ\u00e9ens, y compris dans le cadre du Plan de Relance et de R\u00e9silience (PRR).<br \/>\nDipl\u00f4me en Droit de l&#8217;Universit\u00e9 de Coimbra, dipl\u00f4me de troisi\u00e8me cycle en D\u00e9fis des Collectivit\u00e9s Locales et D\u00e9veloppement Local de (I.S.C.T.E) et fr\u00e9quence du Master &#8220;Master in Law and Management&#8221; \u00e0 l&#8217;Universit\u00e9 Nova de Lisbonne et au dipl\u00f4me de post-graduation en &#8220;Droit et Pratique de la Commande Publique&#8221; \u00e0 la Facult\u00e9 de Droit de l&#8217;Universit\u00e9 Catholique de Lisbonne.<br \/>\nFormation Avanc\u00e9e en Transformation Digital (I.S.C.T.E.) et en Formation Avanc\u00e9e en March\u00e9s Publics (Association Portugaise des March\u00e9s Publics). Dispose \u00e9galement d&#8217;une formation promue par le Parlement Europ\u00e9en pour la n\u00e9gociation europ\u00e9enne.<br \/>\n[\/et_pb_text][et_pb_social_media_follow _builder_version=&#8221;4.22.2&#8243; _module_preset=&#8221;default&#8221; locked=&#8221;off&#8221; global_colors_info=&#8221;{}&#8221;][et_pb_social_media_follow_network social_network=&#8221;linkedin&#8221; url=&#8221;https:\/\/www.linkedin.com\/in\/sara-heitor-085031a7\/&#8221; icon_color=&#8221;#0B2B03&#8243; _builder_version=&#8221;4.22.2&#8243; _module_preset=&#8221;default&#8221; background_color=&#8221;#007bb6&#8243; background_enable_color=&#8221;off&#8221; global_colors_info=&#8221;{}&#8221; follow_button=&#8221;off&#8221; url_new_window=&#8221;on&#8221;]linkedin[\/et_pb_social_media_follow_network][\/et_pb_social_media_follow][\/et_pb_column][\/et_pb_row][\/et_pb_section][et_pb_section fb_built=&#8221;1&#8243; disabled_on=&#8221;off|off|off&#8221; admin_label=&#8221;nelson&#8221; _builder_version=&#8221;4.22.2&#8243; _module_preset=&#8221;default&#8221; background_color=&#8221;rgba(202,182,161,0.19)&#8221; top_divider_height=&#8221;21px&#8221; locked=&#8221;off&#8221; collapsed=&#8221;on&#8221; global_colors_info=&#8221;{}&#8221;][et_pb_row column_structure=&#8221;1_2,1_2&#8243; _builder_version=&#8221;4.21.0&#8243; _module_preset=&#8221;default&#8221; custom_margin=&#8221;30px||||false|false&#8221; custom_padding=&#8221;||||false|false&#8221; global_colors_info=&#8221;{}&#8221;][et_pb_column type=&#8221;1_2&#8243; _builder_version=&#8221;4.21.0&#8243; _module_preset=&#8221;default&#8221; global_colors_info=&#8221;{}&#8221;][et_pb_text _builder_version=&#8221;4.22.2&#8243; _module_preset=&#8221;default&#8221; text_font=&#8221;Bodoni Moda|||on|||||&#8221; text_text_color=&#8221;#000000&#8243; text_font_size=&#8221;24px&#8221; text_line_height=&#8221;1.8em&#8221; animation_style=&#8221;fade&#8221; animation_delay=&#8221;350ms&#8221; text_font_size_tablet=&#8221;14px&#8221; text_font_size_phone=&#8221;26px&#8221; text_font_size_last_edited=&#8221;on|tablet&#8221; locked=&#8221;off&#8221; global_colors_info=&#8221;{}&#8221;]<\/p>\n<p>Daniel Neves<\/p>\n<p>[\/et_pb_text][et_pb_text _builder_version=&#8221;4.22.2&#8243; _module_preset=&#8221;default&#8221; text_font=&#8221;|||on|||||&#8221; text_text_color=&#8221;#0b2b03&#8243; text_font_size=&#8221;18px&#8221; text_letter_spacing=&#8221;1px&#8221; text_line_height=&#8221;1.8em&#8221; custom_margin=&#8221;-27px||||false|false&#8221; custom_padding=&#8221;0px||0px||false|false&#8221; animation_style=&#8221;slide&#8221; animation_direction=&#8221;left&#8221; text_font_size_tablet=&#8221;14px&#8221; text_font_size_phone=&#8221;13px&#8221; text_font_size_last_edited=&#8221;on|tablet&#8221; locked=&#8221;off&#8221; global_colors_info=&#8221;{}&#8221;]<\/p>\n<p>SENIOR consultant<\/p>\n<p>[\/et_pb_text][et_pb_text _builder_version=&#8221;4.22.2&#8243; _module_preset=&#8221;default&#8221; text_font=&#8221;||||||||&#8221; text_text_color=&#8221;#000000&#8243; text_font_size=&#8221;16px&#8221; text_line_height=&#8221;1.8em&#8221; text_orientation=&#8221;justified&#8221; max_width=&#8221;510px&#8221; hover_enabled=&#8221;0&#8243; text_font_size_tablet=&#8221;14px&#8221; text_font_size_phone=&#8221;13px&#8221; text_font_size_last_edited=&#8221;on|tablet&#8221; locked=&#8221;off&#8221; global_colors_info=&#8221;{}&#8221; sticky_enabled=&#8221;0&#8243;]Consultant financier avec plus de 30 ans d&#8217;exp\u00e9rience professionnelle, avec une vaste exp\u00e9rience dans la structuration et le suivi financier de grands projets d&#8217;infrastructure, tant dans le cadre de la banque d&#8217;investissement, de la consultance aupr\u00e8s d&#8217;entreprises priv\u00e9es et d&#8217;entit\u00e9s publiques, ainsi que de la gestion de concessionnaires.<br \/>\nExp\u00e9rience acquise dans la coordination et la structuration financi\u00e8re de projets en r\u00e9gime de PPP dans divers secteurs, notamment routier, transports publics et ports, tant au Portugal qu&#8217;\u00e0 l&#8217;\u00e9tranger (C\u00f4te d&#8217;Ivoire, Gambie, P\u00e9rou, Su\u00e8de, entre autres). Les exp\u00e9riences r\u00e9centes incluent l&#8217;assistance au d\u00e9veloppement des transports publics dans les pays africains pour le Swedfund (coop\u00e9ration su\u00e9doise), le d\u00e9veloppement du mod\u00e8le de financement du secteur routier pour l&#8217;IFC, ainsi que d&#8217;autres dans la coordination et la structuration financi\u00e8re d&#8217;autres projets pour des entreprises priv\u00e9es.<br \/>\nLicence en gestion et MBA en finances par l&#8217;Universit\u00e9 Catholique Portugaise, certified PMP (Project Management Professional) par le PMI (Project Management Institute) et certified CP3P (Certified PPP Professional) par l&#8217;APMG (une innovation du Groupe de la Banque Mondiale, ADB, EBRD, IDB et IsDB).<br \/>\n[\/et_pb_text][et_pb_social_media_follow _builder_version=&#8221;4.22.2&#8243; _module_preset=&#8221;default&#8221; locked=&#8221;off&#8221; global_colors_info=&#8221;{}&#8221;][et_pb_social_media_follow_network social_network=&#8221;linkedin&#8221; url=&#8221;https:\/\/pt.linkedin.com\/in\/daniel-neves-7b858213&#8243; icon_color=&#8221;#0B2B03&#8243; _builder_version=&#8221;4.22.2&#8243; _module_preset=&#8221;default&#8221; background_color=&#8221;#007bb6&#8243; background_enable_color=&#8221;off&#8221; global_colors_info=&#8221;{}&#8221; follow_button=&#8221;off&#8221; url_new_window=&#8221;on&#8221;]linkedin[\/et_pb_social_media_follow_network][\/et_pb_social_media_follow][\/et_pb_column][et_pb_column type=&#8221;1_2&#8243; _builder_version=&#8221;4.21.0&#8243; _module_preset=&#8221;default&#8221; global_colors_info=&#8221;{}&#8221;][et_pb_image src=&#8221;https:\/\/andradeadvogados.pt\/wp\/wp-content\/uploads\/2025\/03\/andrade-advogados-00002.jpg&#8221; title_text=&#8221;andrade advogados 00002&#8243; _builder_version=&#8221;4.22.2&#8243; _module_preset=&#8221;default&#8221; animation_style=&#8221;slide&#8221; animation_direction=&#8221;right&#8221; animation_starting_opacity=&#8221;19%&#8221; global_colors_info=&#8221;{}&#8221;][\/et_pb_image][\/et_pb_column][\/et_pb_row][\/et_pb_section][et_pb_section fb_built=&#8221;1&#8243; admin_label=&#8221;Services&#8221; _builder_version=&#8221;4.21.0&#8243; _module_preset=&#8221;default&#8221; use_background_color_gradient=&#8221;on&#8221; background_color_gradient_direction=&#8221;150deg&#8221; background_color_gradient_stops=&#8221;rgba(11,43,3,0.1) 0%|rgba(244,235,217,0.28) 100%&#8221; background_color_gradient_start=&#8221;#f5dbba&#8221; background_color_gradient_end=&#8221;#f6ebdd&#8221; custom_margin=&#8221;||||false|false&#8221; custom_padding=&#8221;||||false|false&#8221; top_divider_color=&#8221;#FFFFFF&#8221; top_divider_height=&#8221;10vw&#8221; locked=&#8221;off&#8221; global_colors_info=&#8221;{}&#8221;][et_pb_row _builder_version=&#8221;4.21.0&#8243; _module_preset=&#8221;default&#8221; animation_style=&#8221;fade&#8221; animation_duration=&#8221;1450ms&#8221; animation_delay=&#8221;700ms&#8221; global_colors_info=&#8221;{}&#8221;][et_pb_column type=&#8221;4_4&#8243; _builder_version=&#8221;4.16&#8243; _module_preset=&#8221;default&#8221; global_colors_info=&#8221;{}&#8221;][et_pb_text _builder_version=&#8221;4.21.0&#8243; _module_preset=&#8221;6eb562b5-a26d-4c35-99ed-7067618fc226&#8243; header_font=&#8221;Bodoni Moda|300||on|||||&#8221; header_text_align=&#8221;left&#8221; header_text_color=&#8221;#0B2B03&#8243; header_2_font=&#8221;Bodoni Moda||on||||||&#8221; header_2_text_align=&#8221;center&#8221; header_2_font_size=&#8221;32px&#8221; header_2_letter_spacing=&#8221;1px&#8221; header_2_line_height=&#8221;1.5em&#8221; text_orientation=&#8221;center&#8221; animation_style=&#8221;slide&#8221; animation_direction=&#8221;bottom&#8221; locked=&#8221;off&#8221; global_colors_info=&#8221;{}&#8221;]<\/p>\n<h2>&#8220;Il faut toujours suivre le chemin qui m\u00e8ne au plus haut.<\/h2>\n<p>[\/et_pb_text][et_pb_text _builder_version=&#8221;4.21.0&#8243; _module_preset=&#8221;6eb562b5-a26d-4c35-99ed-7067618fc226&#8243; header_font=&#8221;Bodoni Moda|300||on|||||&#8221; header_text_align=&#8221;left&#8221; header_text_color=&#8221;#0B2B03&#8243; header_2_font=&#8221;Bodoni Moda||on||||||&#8221; header_2_text_align=&#8221;center&#8221; header_2_font_size=&#8221;32px&#8221; header_2_letter_spacing=&#8221;1px&#8221; header_2_line_height=&#8221;1.5em&#8221; header_4_font=&#8221;Lato|300||on|||||&#8221; header_4_text_color=&#8221;#000000&#8243; header_4_letter_spacing=&#8221;3px&#8221; text_orientation=&#8221;center&#8221; custom_margin=&#8221;-15px||||false|false&#8221; custom_padding=&#8221;0px||||false|false&#8221; animation_style=&#8221;slide&#8221; animation_direction=&#8221;bottom&#8221; locked=&#8221;off&#8221; global_colors_info=&#8221;{}&#8221;]<\/p>\n<h4>Platon<\/h4>\n<p>[\/et_pb_text][\/et_pb_column][\/et_pb_row][\/et_pb_section]<\/p>\n","protected":false},"excerpt":{"rendered":"<p>Andrade Advogados&#8221;Il faut toujours suivre le chemin qui m\u00e8ne au plus haut.PlatonL&#8217;\u00e9quipeLes clients nous confient des causes importantes et nous consacrons nos d\u00e9cennies d&#8217;exp\u00e9rience \u00e0 la r\u00e9ussite de ces causes. Nous sommes d\u00e9termin\u00e9s \u00e0 fournir l&#8217;excellence dans le conseil et la d\u00e9fense des int\u00e9r\u00eats de nos clients. Nous avons de nombreux ant\u00e9c\u00e9dents en mati\u00e8re de [&hellip;]<\/p>\n","protected":false},"author":1,"featured_media":0,"parent":0,"menu_order":0,"comment_status":"closed","ping_status":"closed","template":"","meta":{"_et_pb_use_builder":"on","_et_pb_old_content":"","_et_gb_content_width":"","inline_featured_image":false,"footnotes":""},"class_list":["post-1188","page","type-page","status-publish","hentry"],"_links":{"self":[{"href":"https:\/\/andradeadvogados.pt\/fr\/wp-json\/wp\/v2\/pages\/1188","targetHints":{"allow":["GET"]}}],"collection":[{"href":"https:\/\/andradeadvogados.pt\/fr\/wp-json\/wp\/v2\/pages"}],"about":[{"href":"https:\/\/andradeadvogados.pt\/fr\/wp-json\/wp\/v2\/types\/page"}],"author":[{"embeddable":true,"href":"https:\/\/andradeadvogados.pt\/fr\/wp-json\/wp\/v2\/users\/1"}],"replies":[{"embeddable":true,"href":"https:\/\/andradeadvogados.pt\/fr\/wp-json\/wp\/v2\/comments?post=1188"}],"version-history":[{"count":22,"href":"https:\/\/andradeadvogados.pt\/fr\/wp-json\/wp\/v2\/pages\/1188\/revisions"}],"predecessor-version":[{"id":1439,"href":"https:\/\/andradeadvogados.pt\/fr\/wp-json\/wp\/v2\/pages\/1188\/revisions\/1439"}],"wp:attachment":[{"href":"https:\/\/andradeadvogados.pt\/fr\/wp-json\/wp\/v2\/media?parent=1188"}],"curies":[{"name":"wp","href":"https:\/\/api.w.org\/{rel}","templated":true}]}}